{"version":"1.0","provider_name":"Museo Violeta Parra","provider_url":"http:\/\/vientosur.top\/museo","author_name":"admin","author_url":"http:\/\/vientosur.top\/museo\/author\/comunicacionesmvp\/","title":"Declaraci\u00f3n de la Directora del Museo Violeta Parra - Museo Violeta Parra","type":"rich","width":600,"height":338,"html":"<blockquote class=\"wp-embedded-content\" data-secret=\"yKtuypGsOz\"><a href=\"http:\/\/vientosur.top\/museo\/declaracion-de-la-directora-del-museo-violeta-parra\/\">Declaraci\u00f3n de la Directora del Museo Violeta Parra<\/a><\/blockquote><iframe sandbox=\"allow-scripts\" security=\"restricted\" src=\"http:\/\/vientosur.top\/museo\/declaracion-de-la-directora-del-museo-violeta-parra\/embed\/#?secret=yKtuypGsOz\" width=\"600\" height=\"338\" title=\"\u00abDeclaraci\u00f3n de la Directora del Museo Violeta Parra\u00bb \u2014 Museo Violeta Parra\" data-secret=\"yKtuypGsOz\" frameborder=\"0\" marginwidth=\"0\" marginheight=\"0\" scrolling=\"no\" class=\"wp-embedded-content\"><\/iframe><script>\n\/*! This file is auto-generated *\/\n!function(d,l){\"use strict\";l.querySelector&&d.addEventListener&&\"undefined\"!=typeof URL&&(d.wp=d.wp||{},d.wp.receiveEmbedMessage||(d.wp.receiveEmbedMessage=function(e){var t=e.data;if((t||t.secret||t.message||t.value)&&!\/[^a-zA-Z0-9]\/.test(t.secret)){for(var s,r,n,a=l.querySelectorAll('iframe[data-secret=\"'+t.secret+'\"]'),o=l.querySelectorAll('blockquote[data-secret=\"'+t.secret+'\"]'),c=new RegExp(\"^https?:$\",\"i\"),i=0;i<o.length;i++)o[i].style.display=\"none\";for(i=0;i<a.length;i++)s=a[i],e.source===s.contentWindow&&(s.removeAttribute(\"style\"),\"height\"===t.message?(1e3<(r=parseInt(t.value,10))?r=1e3:~~r<200&&(r=200),s.height=r):\"link\"===t.message&&(r=new URL(s.getAttribute(\"src\")),n=new URL(t.value),c.test(n.protocol))&&n.host===r.host&&l.activeElement===s&&(d.top.location.href=t.value))}},d.addEventListener(\"message\",d.wp.receiveEmbedMessage,!1),l.addEventListener(\"DOMContentLoaded\",function(){for(var e,t,s=l.querySelectorAll(\"iframe.wp-embedded-content\"),r=0;r<s.length;r++)(t=(e=s[r]).getAttribute(\"data-secret\"))||(t=Math.random().toString(36).substring(2,12),e.src+=\"#?secret=\"+t,e.setAttribute(\"data-secret\",t)),e.contentWindow.postMessage({message:\"ready\",secret:t},\"*\")},!1)))}(window,document);\n\/\/# sourceURL=http:\/\/vientosur.top\/museo\/wp-includes\/js\/wp-embed.min.js\n<\/script>\n","thumbnail_url":"http:\/\/vientosur.top\/museo\/wp-content\/uploads\/2017\/05\/fmvp.png","thumbnail_width":608,"thumbnail_height":608,"description":"\u00abEn relaci\u00f3n a mi supuesta participaci\u00f3n en un comando de campa\u00f1a electoral, representando al Museo Violeta Parra, quisiera aclarar que no soy parte de ninguno. Como siempre lo he hecho en mi vasta trayectoria, estoy disponible para colaborar a t\u00edtulo personal en consejos y otras instancias donde pueda entregar contenidos de cultura y patrimonio. Por [&hellip;]"}