{"version":"1.0","provider_name":"Museo Violeta Parra","provider_url":"http:\/\/vientosur.top\/museo","author_name":"admin","author_url":"http:\/\/vientosur.top\/museo\/author\/comunicacionesmvp\/","title":"Museo Violeta Parra exhibi\u00f3 documental sobre la cultura kaw\u00e9sqar\u00a0 - Museo Violeta Parra","type":"rich","width":600,"height":338,"html":"<blockquote class=\"wp-embedded-content\" data-secret=\"daJZRUzv9N\"><a href=\"http:\/\/vientosur.top\/museo\/museo-violeta-parra-exhibira-documental-la-cultura-kawesqar\/\">Museo Violeta Parra exhibi\u00f3 documental sobre la cultura kaw\u00e9sqar\u00a0<\/a><\/blockquote><iframe sandbox=\"allow-scripts\" security=\"restricted\" src=\"http:\/\/vientosur.top\/museo\/museo-violeta-parra-exhibira-documental-la-cultura-kawesqar\/embed\/#?secret=daJZRUzv9N\" width=\"600\" height=\"338\" title=\"\u00abMuseo Violeta Parra exhibi\u00f3 documental sobre la cultura kaw\u00e9sqar\u00a0\u00bb \u2014 Museo Violeta Parra\" data-secret=\"daJZRUzv9N\" frameborder=\"0\" marginwidth=\"0\" marginheight=\"0\" scrolling=\"no\" class=\"wp-embedded-content\"><\/iframe><script>\n\/*! This file is auto-generated *\/\n!function(d,l){\"use strict\";l.querySelector&&d.addEventListener&&\"undefined\"!=typeof URL&&(d.wp=d.wp||{},d.wp.receiveEmbedMessage||(d.wp.receiveEmbedMessage=function(e){var t=e.data;if((t||t.secret||t.message||t.value)&&!\/[^a-zA-Z0-9]\/.test(t.secret)){for(var s,r,n,a=l.querySelectorAll('iframe[data-secret=\"'+t.secret+'\"]'),o=l.querySelectorAll('blockquote[data-secret=\"'+t.secret+'\"]'),c=new RegExp(\"^https?:$\",\"i\"),i=0;i<o.length;i++)o[i].style.display=\"none\";for(i=0;i<a.length;i++)s=a[i],e.source===s.contentWindow&&(s.removeAttribute(\"style\"),\"height\"===t.message?(1e3<(r=parseInt(t.value,10))?r=1e3:~~r<200&&(r=200),s.height=r):\"link\"===t.message&&(r=new URL(s.getAttribute(\"src\")),n=new URL(t.value),c.test(n.protocol))&&n.host===r.host&&l.activeElement===s&&(d.top.location.href=t.value))}},d.addEventListener(\"message\",d.wp.receiveEmbedMessage,!1),l.addEventListener(\"DOMContentLoaded\",function(){for(var e,t,s=l.querySelectorAll(\"iframe.wp-embedded-content\"),r=0;r<s.length;r++)(t=(e=s[r]).getAttribute(\"data-secret\"))||(t=Math.random().toString(36).substring(2,12),e.src+=\"#?secret=\"+t,e.setAttribute(\"data-secret\",t)),e.contentWindow.postMessage({message:\"ready\",secret:t},\"*\")},!1)))}(window,document);\n\/\/# sourceURL=http:\/\/vientosur.top\/museo\/wp-includes\/js\/wp-embed.min.js\n<\/script>\n","thumbnail_url":"http:\/\/vientosur.top\/museo\/wp-content\/uploads\/2018\/05\/alasdemar-1024x769.jpg","thumbnail_width":1024,"thumbnail_height":769,"description":"\u201cAlas de mar\u201d, dirigido por Hans M\u00fclchi, se proyect\u00f3 de manera gratuita el s\u00e1bado 26 de mayo a las 16:00 horas en la Sala Antar del Museo Violeta Parra.\u00a0 En el marco del ciclo anual con Chiledoc, el s\u00e1bado 26 de mayo el Museo Violeta Parra proyect\u00f3 \u201cAlas de mar\u201d, documental dirigido por Hans M\u00fclchi. [&hellip;]"}