{"version":"1.0","provider_name":"Museo Violeta Parra","provider_url":"http:\/\/vientosur.top\/museo","author_name":"admin","author_url":"http:\/\/vientosur.top\/museo\/author\/comunicacionesmvp\/","title":"El Museo Violeta Parra muestra el dise\u00f1o de j\u00f3venes creadores chilenos - Museo Violeta Parra","type":"rich","width":600,"height":338,"html":"<blockquote class=\"wp-embedded-content\" data-secret=\"3AseecE4mk\"><a href=\"http:\/\/vientosur.top\/museo\/museo-violeta-parra-muestra-diseno-jovenes-creadores-chilenos\/\">El Museo Violeta Parra muestra el dise\u00f1o de j\u00f3venes creadores chilenos<\/a><\/blockquote><iframe sandbox=\"allow-scripts\" security=\"restricted\" src=\"http:\/\/vientosur.top\/museo\/museo-violeta-parra-muestra-diseno-jovenes-creadores-chilenos\/embed\/#?secret=3AseecE4mk\" width=\"600\" height=\"338\" title=\"\u00abEl Museo Violeta Parra muestra el dise\u00f1o de j\u00f3venes creadores chilenos\u00bb \u2014 Museo Violeta Parra\" data-secret=\"3AseecE4mk\" frameborder=\"0\" marginwidth=\"0\" marginheight=\"0\" scrolling=\"no\" class=\"wp-embedded-content\"><\/iframe><script>\n\/*! This file is auto-generated *\/\n!function(d,l){\"use strict\";l.querySelector&&d.addEventListener&&\"undefined\"!=typeof URL&&(d.wp=d.wp||{},d.wp.receiveEmbedMessage||(d.wp.receiveEmbedMessage=function(e){var t=e.data;if((t||t.secret||t.message||t.value)&&!\/[^a-zA-Z0-9]\/.test(t.secret)){for(var s,r,n,a=l.querySelectorAll('iframe[data-secret=\"'+t.secret+'\"]'),o=l.querySelectorAll('blockquote[data-secret=\"'+t.secret+'\"]'),c=new RegExp(\"^https?:$\",\"i\"),i=0;i<o.length;i++)o[i].style.display=\"none\";for(i=0;i<a.length;i++)s=a[i],e.source===s.contentWindow&&(s.removeAttribute(\"style\"),\"height\"===t.message?(1e3<(r=parseInt(t.value,10))?r=1e3:~~r<200&&(r=200),s.height=r):\"link\"===t.message&&(r=new URL(s.getAttribute(\"src\")),n=new URL(t.value),c.test(n.protocol))&&n.host===r.host&&l.activeElement===s&&(d.top.location.href=t.value))}},d.addEventListener(\"message\",d.wp.receiveEmbedMessage,!1),l.addEventListener(\"DOMContentLoaded\",function(){for(var e,t,s=l.querySelectorAll(\"iframe.wp-embedded-content\"),r=0;r<s.length;r++)(t=(e=s[r]).getAttribute(\"data-secret\"))||(t=Math.random().toString(36).substring(2,12),e.src+=\"#?secret=\"+t,e.setAttribute(\"data-secret\",t)),e.contentWindow.postMessage({message:\"ready\",secret:t},\"*\")},!1)))}(window,document);\n\/\/# sourceURL=http:\/\/vientosur.top\/museo\/wp-includes\/js\/wp-embed.min.js\n<\/script>\n","thumbnail_url":"http:\/\/vientosur.top\/museo\/wp-content\/uploads\/2018\/04\/DSC_0169-scaled.jpg","thumbnail_width":2560,"thumbnail_height":1702,"description":"Sebasti\u00e1n del Real, Neutro, Roberta, Y.A.N.G. y Singolare participaron en la aplaudida pasarela. La plataforma\u00a0www.modacl.com, que promueve y potencia la industria de la moda chilena, realiz\u00f3 por primera vez un desfile el jueves 26 de abril, uni\u00e9ndose al Museo Violeta Parra, al \u00e1rea de Dise\u00f1o del Ministerio de las Culturas, las Artes y el Patrimonio, [&hellip;]"}