{"version":"1.0","provider_name":"Museo Violeta Parra","provider_url":"http:\/\/vientosur.top\/museo","author_name":"admin","author_url":"http:\/\/vientosur.top\/museo\/author\/comunicacionesmvp\/","title":"\u00bfC\u00f3mo se traslada una obra de arte en el Museo Violeta Parra? - Museo Violeta Parra","type":"rich","width":600,"height":338,"html":"<blockquote class=\"wp-embedded-content\" data-secret=\"YATfApKJh7\"><a href=\"http:\/\/vientosur.top\/museo\/se-traslada-una-obra-arte-museo-violeta-parra\/\">\u00bfC\u00f3mo se traslada una obra de arte en el Museo Violeta Parra?<\/a><\/blockquote><iframe sandbox=\"allow-scripts\" security=\"restricted\" src=\"http:\/\/vientosur.top\/museo\/se-traslada-una-obra-arte-museo-violeta-parra\/embed\/#?secret=YATfApKJh7\" width=\"600\" height=\"338\" title=\"\u00ab\u00bfC\u00f3mo se traslada una obra de arte en el Museo Violeta Parra?\u00bb \u2014 Museo Violeta Parra\" data-secret=\"YATfApKJh7\" frameborder=\"0\" marginwidth=\"0\" marginheight=\"0\" scrolling=\"no\" class=\"wp-embedded-content\"><\/iframe><script>\n\/*! This file is auto-generated *\/\n!function(d,l){\"use strict\";l.querySelector&&d.addEventListener&&\"undefined\"!=typeof URL&&(d.wp=d.wp||{},d.wp.receiveEmbedMessage||(d.wp.receiveEmbedMessage=function(e){var t=e.data;if((t||t.secret||t.message||t.value)&&!\/[^a-zA-Z0-9]\/.test(t.secret)){for(var s,r,n,a=l.querySelectorAll('iframe[data-secret=\"'+t.secret+'\"]'),o=l.querySelectorAll('blockquote[data-secret=\"'+t.secret+'\"]'),c=new RegExp(\"^https?:$\",\"i\"),i=0;i<o.length;i++)o[i].style.display=\"none\";for(i=0;i<a.length;i++)s=a[i],e.source===s.contentWindow&&(s.removeAttribute(\"style\"),\"height\"===t.message?(1e3<(r=parseInt(t.value,10))?r=1e3:~~r<200&&(r=200),s.height=r):\"link\"===t.message&&(r=new URL(s.getAttribute(\"src\")),n=new URL(t.value),c.test(n.protocol))&&n.host===r.host&&l.activeElement===s&&(d.top.location.href=t.value))}},d.addEventListener(\"message\",d.wp.receiveEmbedMessage,!1),l.addEventListener(\"DOMContentLoaded\",function(){for(var e,t,s=l.querySelectorAll(\"iframe.wp-embedded-content\"),r=0;r<s.length;r++)(t=(e=s[r]).getAttribute(\"data-secret\"))||(t=Math.random().toString(36).substring(2,12),e.src+=\"#?secret=\"+t,e.setAttribute(\"data-secret\",t)),e.contentWindow.postMessage({message:\"ready\",secret:t},\"*\")},!1)))}(window,document);\n\/\/# sourceURL=http:\/\/vientosur.top\/museo\/wp-includes\/js\/wp-embed.min.js\n<\/script>\n","thumbnail_url":"http:\/\/vientosur.top\/museo\/wp-content\/uploads\/2019\/04\/Obra-en-embalaje-scaled.jpg","thumbnail_width":2560,"thumbnail_height":1702,"description":"El pasado 26 de abril, el espacio de arte La Verri\u00e8re, perteneciente a la Fundaci\u00f3n Herm\u00e8s, inaugur\u00f3 su muestra \u201cMatters of concern\u201d, que incluye la obra \u201cHombre con guitarra\u201d en su selecto cat\u00e1logo art\u00edstico. La arpillera de Violeta Parra tuvo que pasar por un estricto proceso de embalaje y un protocolo de salida internacional \u2014coordinado [&hellip;]"}