{"id":26398,"date":"2021-09-29T15:42:11","date_gmt":"2021-09-29T15:42:11","guid":{"rendered":"http:\/\/vientosur.top\/museo\/?post_type=agenda&#038;p=26398"},"modified":"2021-09-30T12:02:31","modified_gmt":"2021-09-30T12:02:31","slug":"concierto-homenaje-a-violeta-parra-de-orquesta-sonidos-de-luz","status":"publish","type":"agenda","link":"http:\/\/vientosur.top\/museo\/agenda\/concierto-homenaje-a-violeta-parra-de-orquesta-sonidos-de-luz\/","title":{"rendered":"Concierto Homenaje a Violeta Parra de Orquesta Sonidos de Luz"},"content":{"rendered":"\n<p><strong>#VioletaEnCasa<\/strong> <strong>presenta el Concierto Homenaje a Violeta Parra de Orquesta Sonidos de Luz<\/strong>.<\/p>\n\n\n\n<p>La Orquesta Sonidos de Luz est\u00e1 integrada por m\u00fasicos ciegos o baja visi\u00f3n, todos ex alumnos de Fundaci\u00f3n Luz, quienes interpretan un variado repertorio que abarca jazz, tango, bossa nova, m\u00fasica folcl\u00f3rica y popular.<\/p>\n\n\n\n<p>Se han presentado en diversos espacios de importancia sociocultural, como empresas privadas, instituciones gubernamentales y espacios p\u00fablicos, siempre con la finalidad de promover el desarrollo inclusivo de la sociedad.<\/p>\n\n\n\n<p>Dentro de sus grandes hitos est\u00e1 el reconocimiento por parte del Ministerio de Desarrollo Social por su aporte a la cultura y la inclusi\u00f3n, y el Lanzamiento de su Primer Disco \u201cM\u00fasica para tus Ojos\u201d en el a\u00f1o 2019.<\/p>\n\n\n\n<p>Su director, Crist\u00f3bal Rojas Basso, es concertista en charango y fue ganador del reconocido premio Global Teacher Prize Chile 2020, categor\u00eda de M\u00fasica. Ese mismo a\u00f1o fue destacado como uno de los 100 j\u00f3venes l\u00edderes. En 2021, se convirti\u00f3 en el \u00fanico chileno entre los 50 semifinalistas del certamen Global Teacher Prize Internacional.<\/p>\n\n\n\n<p>En el natalicio de Violeta Parra, presentar\u00e1n un repertorio en su homenaje con temas de la artista y otras obras del folclore nacional.<\/p>\n\n\n\n<p>La agrupaci\u00f3n est\u00e1 integrada por Bernab\u00e9 Catal\u00e1n en Clarinete; Manuel Rivadeneira en Guitarra; Patricio Paine en Piano Digital; Vicente Soto en Teclado; H\u00e9ctor San Mart\u00edn en Percusi\u00f3n; Emanuel Ortiz en Percusi\u00f3n y Voz; Javiera G\u00e1lvez en Bater\u00eda y Crist\u00f3bal Basso en Bajo y direcci\u00f3n musical.<\/p>\n\n\n\n<p><\/p>\n","protected":false},"author":5,"featured_media":26408,"parent":0,"template":"","meta":{"site-sidebar-layout":"default","site-content-layout":"","ast-site-content-layout":"default","site-content-style":"default","site-sidebar-style":"default","ast-global-header-display":"","ast-banner-title-visibility":"","ast-main-header-display":"","ast-hfb-above-header-display":"","ast-hfb-below-header-display":"","ast-hfb-mobile-header-display":"","site-post-title":"","ast-breadcrumbs-content":"","ast-featured-img":"","footer-sml-layout":"","theme-transparent-header-meta":"","adv-header-id-meta":"","stick-header-meta":"","header-above-stick-meta":"","header-main-stick-meta":"","header-below-stick-meta":"","astra-migrate-meta-layouts":"default","ast-page-background-enabled":"default","ast-page-background-meta":{"desktop":{"background-color":"var(--ast-global-color-4)","background-image":"","background-repeat":"repeat","background-position":"center center","background-size":"auto","background-attachment":"scroll","background-type":"","background-media":"","overlay-type":"","overlay-color":"","overlay-opacity":"","overlay-gradient":""},"tablet":{"background-color":"","background-image":"","background-repeat":"repeat","background-position":"center center","background-size":"auto","background-attachment":"scroll","background-type":"","background-media":"","overlay-type":"","overlay-color":"","overlay-opacity":"","overlay-gradient":""},"mobile":{"background-color":"","background-image":"","background-repeat":"repeat","background-position":"center center","background-size":"auto","background-attachment":"scroll","background-type":"","background-media":"","overlay-type":"","overlay-color":"","overlay-opacity":"","overlay-gradient":""}},"ast-content-background-meta":{"desktop":{"background-color":"var(--ast-global-color-5)","background-image":"","background-repeat":"repeat","background-position":"center center","background-size":"auto","background-attachment":"scroll","background-type":"","background-media":"","overlay-type":"","overlay-color":"","overlay-opacity":"","overlay-gradient":""},"tablet":{"background-color":"var(--ast-global-color-5)","background-image":"","background-repeat":"repeat","background-position":"center center","background-size":"auto","background-attachment":"scroll","background-type":"","background-media":"","overlay-type":"","overlay-color":"","overlay-opacity":"","overlay-gradient":""},"mobile":{"background-color":"var(--ast-global-color-5)","background-image":"","background-repeat":"repeat","background-position":"center center","background-size":"auto","background-attachment":"scroll","background-type":"","background-media":"","overlay-type":"","overlay-color":"","overlay-opacity":"","overlay-gradient":""}}},"tipo-de-actividad":[28],"class_list":["post-26398","agenda","type-agenda","status-publish","has-post-thumbnail","hentry","tipo-de-actividad-conciertos"],"yoast_head":"<!-- This site is optimized with the Yoast SEO plugin v25.4 - https:\/\/yoast.com\/wordpress\/plugins\/seo\/ -->\n<title>Concierto Homenaje a Violeta Parra de Orquesta Sonidos de Luz - Museo Violeta Parra<\/title>\n<meta name=\"robots\" content=\"index, follow, max-snippet:-1, max-image-preview:large, max-video-preview:-1\" \/>\n<link rel=\"canonical\" href=\"http:\/\/vientosur.top\/museo\/agenda\/concierto-homenaje-a-violeta-parra-de-orquesta-sonidos-de-luz\/\" \/>\n<meta property=\"og:locale\" content=\"es_ES\" \/>\n<meta property=\"og:type\" content=\"article\" \/>\n<meta property=\"og:title\" content=\"Concierto Homenaje a Violeta Parra de Orquesta Sonidos de Luz - Museo Violeta Parra\" \/>\n<meta property=\"og:description\" content=\"#VioletaEnCasa presenta el Concierto Homenaje a Violeta Parra de Orquesta Sonidos de Luz. La Orquesta Sonidos de Luz est\u00e1 integrada por m\u00fasicos ciegos o baja visi\u00f3n, todos ex alumnos de Fundaci\u00f3n Luz, quienes interpretan un variado repertorio que abarca jazz, tango, bossa nova, m\u00fasica folcl\u00f3rica y popular. Se han presentado en diversos espacios de importancia [&hellip;]\" \/>\n<meta property=\"og:url\" content=\"http:\/\/vientosur.top\/museo\/agenda\/concierto-homenaje-a-violeta-parra-de-orquesta-sonidos-de-luz\/\" \/>\n<meta property=\"og:site_name\" content=\"Museo Violeta Parra\" \/>\n<meta property=\"article:modified_time\" content=\"2021-09-30T12:02:31+00:00\" \/>\n<meta property=\"og:image\" content=\"http:\/\/vientosur.top\/museo\/wp-content\/uploads\/2021\/09\/DSC06222_bn-scaled-e1632932508595.jpg\" \/>\n\t<meta property=\"og:image:width\" content=\"1096\" \/>\n\t<meta property=\"og:image:height\" content=\"800\" \/>\n\t<meta property=\"og:image:type\" content=\"image\/jpeg\" \/>\n<meta name=\"twitter:card\" content=\"summary_large_image\" \/>\n<meta name=\"twitter:label1\" content=\"Tiempo de lectura\" \/>\n\t<meta name=\"twitter:data1\" content=\"1 minuto\" \/>\n<script type=\"application\/ld+json\" class=\"yoast-schema-graph\">{\"@context\":\"https:\/\/schema.org\",\"@graph\":[{\"@type\":\"WebPage\",\"@id\":\"http:\/\/vientosur.top\/museo\/agenda\/concierto-homenaje-a-violeta-parra-de-orquesta-sonidos-de-luz\/\",\"url\":\"http:\/\/vientosur.top\/museo\/agenda\/concierto-homenaje-a-violeta-parra-de-orquesta-sonidos-de-luz\/\",\"name\":\"Concierto Homenaje a Violeta Parra de Orquesta Sonidos de Luz - Museo Violeta Parra\",\"isPartOf\":{\"@id\":\"http:\/\/vientosur.top\/museo\/#website\"},\"primaryImageOfPage\":{\"@id\":\"http:\/\/vientosur.top\/museo\/agenda\/concierto-homenaje-a-violeta-parra-de-orquesta-sonidos-de-luz\/#primaryimage\"},\"image\":{\"@id\":\"http:\/\/vientosur.top\/museo\/agenda\/concierto-homenaje-a-violeta-parra-de-orquesta-sonidos-de-luz\/#primaryimage\"},\"thumbnailUrl\":\"http:\/\/vientosur.top\/museo\/wp-content\/uploads\/2021\/09\/DSC06222_bn-scaled-e1632932508595.jpg\",\"datePublished\":\"2021-09-29T15:42:11+00:00\",\"dateModified\":\"2021-09-30T12:02:31+00:00\",\"breadcrumb\":{\"@id\":\"http:\/\/vientosur.top\/museo\/agenda\/concierto-homenaje-a-violeta-parra-de-orquesta-sonidos-de-luz\/#breadcrumb\"},\"inLanguage\":\"es\",\"potentialAction\":[{\"@type\":\"ReadAction\",\"target\":[\"http:\/\/vientosur.top\/museo\/agenda\/concierto-homenaje-a-violeta-parra-de-orquesta-sonidos-de-luz\/\"]}]},{\"@type\":\"ImageObject\",\"inLanguage\":\"es\",\"@id\":\"http:\/\/vientosur.top\/museo\/agenda\/concierto-homenaje-a-violeta-parra-de-orquesta-sonidos-de-luz\/#primaryimage\",\"url\":\"http:\/\/vientosur.top\/museo\/wp-content\/uploads\/2021\/09\/DSC06222_bn-scaled-e1632932508595.jpg\",\"contentUrl\":\"http:\/\/vientosur.top\/museo\/wp-content\/uploads\/2021\/09\/DSC06222_bn-scaled-e1632932508595.jpg\",\"width\":1096,\"height\":800},{\"@type\":\"BreadcrumbList\",\"@id\":\"http:\/\/vientosur.top\/museo\/agenda\/concierto-homenaje-a-violeta-parra-de-orquesta-sonidos-de-luz\/#breadcrumb\",\"itemListElement\":[{\"@type\":\"ListItem\",\"position\":1,\"name\":\"Portada\",\"item\":\"http:\/\/vientosur.top\/museo\/\"},{\"@type\":\"ListItem\",\"position\":2,\"name\":\"Agenda\",\"item\":\"http:\/\/vientosur.top\/museo\/agenda\/\"},{\"@type\":\"ListItem\",\"position\":3,\"name\":\"Concierto Homenaje a Violeta Parra de Orquesta Sonidos de Luz\"}]},{\"@type\":\"WebSite\",\"@id\":\"http:\/\/vientosur.top\/museo\/#website\",\"url\":\"http:\/\/vientosur.top\/museo\/\",\"name\":\"Museo Violeta Parra\",\"description\":\"Espacio que alberga tanto la memoria y legado creativo de la artista\",\"potentialAction\":[{\"@type\":\"SearchAction\",\"target\":{\"@type\":\"EntryPoint\",\"urlTemplate\":\"http:\/\/vientosur.top\/museo\/?s={search_term_string}\"},\"query-input\":{\"@type\":\"PropertyValueSpecification\",\"valueRequired\":true,\"valueName\":\"search_term_string\"}}],\"inLanguage\":\"es\"}]}<\/script>\n<!-- \/ Yoast SEO plugin. -->","yoast_head_json":{"title":"Concierto Homenaje a Violeta Parra de Orquesta Sonidos de Luz - Museo Violeta Parra","robots":{"index":"index","follow":"follow","max-snippet":"max-snippet:-1","max-image-preview":"max-image-preview:large","max-video-preview":"max-video-preview:-1"},"canonical":"http:\/\/vientosur.top\/museo\/agenda\/concierto-homenaje-a-violeta-parra-de-orquesta-sonidos-de-luz\/","og_locale":"es_ES","og_type":"article","og_title":"Concierto Homenaje a Violeta Parra de Orquesta Sonidos de Luz - Museo Violeta Parra","og_description":"#VioletaEnCasa presenta el Concierto Homenaje a Violeta Parra de Orquesta Sonidos de Luz. La Orquesta Sonidos de Luz est\u00e1 integrada por m\u00fasicos ciegos o baja visi\u00f3n, todos ex alumnos de Fundaci\u00f3n Luz, quienes interpretan un variado repertorio que abarca jazz, tango, bossa nova, m\u00fasica folcl\u00f3rica y popular. Se han presentado en diversos espacios de importancia [&hellip;]","og_url":"http:\/\/vientosur.top\/museo\/agenda\/concierto-homenaje-a-violeta-parra-de-orquesta-sonidos-de-luz\/","og_site_name":"Museo Violeta Parra","article_modified_time":"2021-09-30T12:02:31+00:00","og_image":[{"width":1096,"height":800,"url":"http:\/\/vientosur.top\/museo\/wp-content\/uploads\/2021\/09\/DSC06222_bn-scaled-e1632932508595.jpg","type":"image\/jpeg"}],"twitter_card":"summary_large_image","twitter_misc":{"Tiempo de lectura":"1 minuto"},"schema":{"@context":"https:\/\/schema.org","@graph":[{"@type":"WebPage","@id":"http:\/\/vientosur.top\/museo\/agenda\/concierto-homenaje-a-violeta-parra-de-orquesta-sonidos-de-luz\/","url":"http:\/\/vientosur.top\/museo\/agenda\/concierto-homenaje-a-violeta-parra-de-orquesta-sonidos-de-luz\/","name":"Concierto Homenaje a Violeta Parra de Orquesta Sonidos de Luz - Museo Violeta Parra","isPartOf":{"@id":"http:\/\/vientosur.top\/museo\/#website"},"primaryImageOfPage":{"@id":"http:\/\/vientosur.top\/museo\/agenda\/concierto-homenaje-a-violeta-parra-de-orquesta-sonidos-de-luz\/#primaryimage"},"image":{"@id":"http:\/\/vientosur.top\/museo\/agenda\/concierto-homenaje-a-violeta-parra-de-orquesta-sonidos-de-luz\/#primaryimage"},"thumbnailUrl":"http:\/\/vientosur.top\/museo\/wp-content\/uploads\/2021\/09\/DSC06222_bn-scaled-e1632932508595.jpg","datePublished":"2021-09-29T15:42:11+00:00","dateModified":"2021-09-30T12:02:31+00:00","breadcrumb":{"@id":"http:\/\/vientosur.top\/museo\/agenda\/concierto-homenaje-a-violeta-parra-de-orquesta-sonidos-de-luz\/#breadcrumb"},"inLanguage":"es","potentialAction":[{"@type":"ReadAction","target":["http:\/\/vientosur.top\/museo\/agenda\/concierto-homenaje-a-violeta-parra-de-orquesta-sonidos-de-luz\/"]}]},{"@type":"ImageObject","inLanguage":"es","@id":"http:\/\/vientosur.top\/museo\/agenda\/concierto-homenaje-a-violeta-parra-de-orquesta-sonidos-de-luz\/#primaryimage","url":"http:\/\/vientosur.top\/museo\/wp-content\/uploads\/2021\/09\/DSC06222_bn-scaled-e1632932508595.jpg","contentUrl":"http:\/\/vientosur.top\/museo\/wp-content\/uploads\/2021\/09\/DSC06222_bn-scaled-e1632932508595.jpg","width":1096,"height":800},{"@type":"BreadcrumbList","@id":"http:\/\/vientosur.top\/museo\/agenda\/concierto-homenaje-a-violeta-parra-de-orquesta-sonidos-de-luz\/#breadcrumb","itemListElement":[{"@type":"ListItem","position":1,"name":"Portada","item":"http:\/\/vientosur.top\/museo\/"},{"@type":"ListItem","position":2,"name":"Agenda","item":"http:\/\/vientosur.top\/museo\/agenda\/"},{"@type":"ListItem","position":3,"name":"Concierto Homenaje a Violeta Parra de Orquesta Sonidos de Luz"}]},{"@type":"WebSite","@id":"http:\/\/vientosur.top\/museo\/#website","url":"http:\/\/vientosur.top\/museo\/","name":"Museo Violeta Parra","description":"Espacio que alberga tanto la memoria y legado creativo de la artista","potentialAction":[{"@type":"SearchAction","target":{"@type":"EntryPoint","urlTemplate":"http:\/\/vientosur.top\/museo\/?s={search_term_string}"},"query-input":{"@type":"PropertyValueSpecification","valueRequired":true,"valueName":"search_term_string"}}],"inLanguage":"es"}]}},"_links":{"self":[{"href":"http:\/\/vientosur.top\/museo\/wp-json\/wp\/v2\/agenda\/26398","targetHints":{"allow":["GET"]}}],"collection":[{"href":"http:\/\/vientosur.top\/museo\/wp-json\/wp\/v2\/agenda"}],"about":[{"href":"http:\/\/vientosur.top\/museo\/wp-json\/wp\/v2\/types\/agenda"}],"author":[{"embeddable":true,"href":"http:\/\/vientosur.top\/museo\/wp-json\/wp\/v2\/users\/5"}],"wp:featuredmedia":[{"embeddable":true,"href":"http:\/\/vientosur.top\/museo\/wp-json\/wp\/v2\/media\/26408"}],"wp:attachment":[{"href":"http:\/\/vientosur.top\/museo\/wp-json\/wp\/v2\/media?parent=26398"}],"wp:term":[{"taxonomy":"tipo-de-actividad","embeddable":true,"href":"http:\/\/vientosur.top\/museo\/wp-json\/wp\/v2\/tipo-de-actividad?post=26398"}],"curies":[{"name":"wp","href":"https:\/\/api.w.org\/{rel}","templated":true}]}}