{"id":28530,"date":"2022-05-09T14:53:19","date_gmt":"2022-05-09T14:53:19","guid":{"rendered":"http:\/\/vientosur.top\/museo\/?post_type=agenda&#038;p=28530"},"modified":"2022-05-09T14:53:20","modified_gmt":"2022-05-09T14:53:20","slug":"dia-del-patrimonio-cultural-concierto-ul-kimvn-canto-a-la-sabiduria","status":"publish","type":"agenda","link":"http:\/\/vientosur.top\/museo\/agenda\/dia-del-patrimonio-cultural-concierto-ul-kimvn-canto-a-la-sabiduria\/","title":{"rendered":"D\u00eda del Patrimonio Cultural &#8211; Concierto \u201c\u00dcl KIMVN. Canto a la Sabidur\u00eda\u201d"},"content":{"rendered":"\n<p>#VioletaEnCasa presenta el concierto \u201c\u00dcl KIMVN. Canto a la Sabidur\u00eda\u201d en el D\u00eda del Patrimonio Cultural <\/p>\n\n\n\n<p>Se trata de una sesi\u00f3n \u00edntima de m\u00fasica realizada al interior de la ruka KIMVN por \u00dcL KIMVN, Banda Sonora de la compa\u00f1\u00eda KIMVN Teatro.<\/p>\n\n\n\n<p>La m\u00fasica nos invita a realizar un viaje sonoro intercultural que promueve el rescate de memoria, oralidad y lenguaje del pueblo mapuche, a trav\u00e9s de la fusi\u00f3n de instrumentos latinoamericanos, cl\u00e1sicos y originarios.<\/p>\n\n\n\n<p>La m\u00fasica instrumental y cantada, creada para las puestas en escena de KIMVN Teatro, dialoga con la cosmogon\u00eda del pueblo mapuche, ritmos y sonoridades latinoamericanas.<\/p>\n\n\n\n<ul class=\"wp-block-list\"><li>Directora Musical, Autora y Compositora<\/li><\/ul>\n\n\n\n<p>Evelyn Gonz\u00e1lez Seguel&nbsp;<\/p>\n\n\n\n<ul class=\"wp-block-list\"><li>Cantantes Solistas<\/li><\/ul>\n\n\n\n<p>Annie Murath&nbsp;<\/p>\n\n\n\n<p>Nicole Guti\u00e9rrez Perret<\/p>\n\n\n\n<p>Paula Gonz\u00e1lez Seguel<\/p>\n\n\n\n<p>Elsa Quinchaleo<\/p>\n\n\n\n<p>Benjam\u00edn Espinoza<\/p>\n\n\n\n<ul class=\"wp-block-list\"><li>M\u00fasicos y M\u00fasicas&nbsp;<\/li><\/ul>\n\n\n\n<p>Juan Flores Ahumada<\/p>\n\n\n\n<p>Sergio \u00c1vila Dur\u00e1n<\/p>\n\n\n\n<p>William Garc\u00eda Hern\u00e1ndez<\/p>\n\n\n\n<p>Evelyn Gonz\u00e1lez Seguel<\/p>\n\n\n\n<p>Nicole Guti\u00e9rrez Perret<\/p>\n\n\n\n<p>Paula Gonz\u00e1lez Seguel<\/p>\n\n\n\n<p>Arreglos Musicales<\/p>\n\n\n\n<p>Sergio \u00c1vila Dur\u00e1n y Juan Flores Ahumada<\/p>\n\n\n\n<ul class=\"wp-block-list\"><li>Concepto Audiovisual&nbsp;<\/li><\/ul>\n\n\n\n<p>Paula Gonz\u00e1lez Seguel<\/p>\n\n\n\n<ul class=\"wp-block-list\"><li>Realizaci\u00f3n Audiovisual<\/li><\/ul>\n\n\n\n<p>Jos\u00e9 Gonz\u00e1lez<\/p>\n\n\n\n<p>Producci\u00f3n General<\/p>\n\n\n\n<p>KIMVN Teatro<\/p>\n\n\n\n<p><\/p>\n","protected":false},"author":5,"featured_media":28531,"parent":0,"template":"","meta":{"site-sidebar-layout":"default","site-content-layout":"","ast-site-content-layout":"default","site-content-style":"default","site-sidebar-style":"default","ast-global-header-display":"","ast-banner-title-visibility":"","ast-main-header-display":"","ast-hfb-above-header-display":"","ast-hfb-below-header-display":"","ast-hfb-mobile-header-display":"","site-post-title":"","ast-breadcrumbs-content":"","ast-featured-img":"","footer-sml-layout":"","theme-transparent-header-meta":"","adv-header-id-meta":"","stick-header-meta":"","header-above-stick-meta":"","header-main-stick-meta":"","header-below-stick-meta":"","astra-migrate-meta-layouts":"default","ast-page-background-enabled":"default","ast-page-background-meta":{"desktop":{"background-color":"var(--ast-global-color-4)","background-image":"","background-repeat":"repeat","background-position":"center center","background-size":"auto","background-attachment":"scroll","background-type":"","background-media":"","overlay-type":"","overlay-color":"","overlay-opacity":"","overlay-gradient":""},"tablet":{"background-color":"","background-image":"","background-repeat":"repeat","background-position":"center center","background-size":"auto","background-attachment":"scroll","background-type":"","background-media":"","overlay-type":"","overlay-color":"","overlay-opacity":"","overlay-gradient":""},"mobile":{"background-color":"","background-image":"","background-repeat":"repeat","background-position":"center center","background-size":"auto","background-attachment":"scroll","background-type":"","background-media":"","overlay-type":"","overlay-color":"","overlay-opacity":"","overlay-gradient":""}},"ast-content-background-meta":{"desktop":{"background-color":"var(--ast-global-color-5)","background-image":"","background-repeat":"repeat","background-position":"center center","background-size":"auto","background-attachment":"scroll","background-type":"","background-media":"","overlay-type":"","overlay-color":"","overlay-opacity":"","overlay-gradient":""},"tablet":{"background-color":"var(--ast-global-color-5)","background-image":"","background-repeat":"repeat","background-position":"center center","background-size":"auto","background-attachment":"scroll","background-type":"","background-media":"","overlay-type":"","overlay-color":"","overlay-opacity":"","overlay-gradient":""},"mobile":{"background-color":"var(--ast-global-color-5)","background-image":"","background-repeat":"repeat","background-position":"center center","background-size":"auto","background-attachment":"scroll","background-type":"","background-media":"","overlay-type":"","overlay-color":"","overlay-opacity":"","overlay-gradient":""}}},"tipo-de-actividad":[28],"class_list":["post-28530","agenda","type-agenda","status-publish","has-post-thumbnail","hentry","tipo-de-actividad-conciertos"],"yoast_head":"<!-- This site is optimized with the Yoast SEO plugin v25.4 - https:\/\/yoast.com\/wordpress\/plugins\/seo\/ -->\n<title>D\u00eda del Patrimonio Cultural - Concierto \u201c\u00dcl KIMVN. Canto a la Sabidur\u00eda\u201d - Museo Violeta Parra<\/title>\n<meta name=\"robots\" content=\"index, follow, max-snippet:-1, max-image-preview:large, max-video-preview:-1\" \/>\n<link rel=\"canonical\" href=\"http:\/\/vientosur.top\/museo\/agenda\/dia-del-patrimonio-cultural-concierto-ul-kimvn-canto-a-la-sabiduria\/\" \/>\n<meta property=\"og:locale\" content=\"es_ES\" \/>\n<meta property=\"og:type\" content=\"article\" \/>\n<meta property=\"og:title\" content=\"D\u00eda del Patrimonio Cultural - Concierto \u201c\u00dcl KIMVN. Canto a la Sabidur\u00eda\u201d - Museo Violeta Parra\" \/>\n<meta property=\"og:description\" content=\"#VioletaEnCasa presenta el concierto \u201c\u00dcl KIMVN. Canto a la Sabidur\u00eda\u201d en el D\u00eda del Patrimonio Cultural Se trata de una sesi\u00f3n \u00edntima de m\u00fasica realizada al interior de la ruka KIMVN por \u00dcL KIMVN, Banda Sonora de la compa\u00f1\u00eda KIMVN Teatro. La m\u00fasica nos invita a realizar un viaje sonoro intercultural que promueve el rescate [&hellip;]\" \/>\n<meta property=\"og:url\" content=\"http:\/\/vientosur.top\/museo\/agenda\/dia-del-patrimonio-cultural-concierto-ul-kimvn-canto-a-la-sabiduria\/\" \/>\n<meta property=\"og:site_name\" content=\"Museo Violeta Parra\" \/>\n<meta property=\"article:modified_time\" content=\"2022-05-09T14:53:20+00:00\" \/>\n<meta property=\"og:image\" content=\"http:\/\/vientosur.top\/museo\/wp-content\/uploads\/2022\/05\/Kimvn-11-scaled-e1652107984198.jpg\" \/>\n\t<meta property=\"og:image:width\" content=\"2560\" \/>\n\t<meta property=\"og:image:height\" content=\"1440\" \/>\n\t<meta property=\"og:image:type\" content=\"image\/jpeg\" \/>\n<meta name=\"twitter:card\" content=\"summary_large_image\" \/>\n<meta name=\"twitter:label1\" content=\"Tiempo de lectura\" \/>\n\t<meta name=\"twitter:data1\" content=\"1 minuto\" \/>\n<script type=\"application\/ld+json\" class=\"yoast-schema-graph\">{\"@context\":\"https:\/\/schema.org\",\"@graph\":[{\"@type\":\"WebPage\",\"@id\":\"http:\/\/vientosur.top\/museo\/agenda\/dia-del-patrimonio-cultural-concierto-ul-kimvn-canto-a-la-sabiduria\/\",\"url\":\"http:\/\/vientosur.top\/museo\/agenda\/dia-del-patrimonio-cultural-concierto-ul-kimvn-canto-a-la-sabiduria\/\",\"name\":\"D\u00eda del Patrimonio Cultural - Concierto \u201c\u00dcl KIMVN. Canto a la Sabidur\u00eda\u201d - Museo Violeta Parra\",\"isPartOf\":{\"@id\":\"http:\/\/vientosur.top\/museo\/#website\"},\"primaryImageOfPage\":{\"@id\":\"http:\/\/vientosur.top\/museo\/agenda\/dia-del-patrimonio-cultural-concierto-ul-kimvn-canto-a-la-sabiduria\/#primaryimage\"},\"image\":{\"@id\":\"http:\/\/vientosur.top\/museo\/agenda\/dia-del-patrimonio-cultural-concierto-ul-kimvn-canto-a-la-sabiduria\/#primaryimage\"},\"thumbnailUrl\":\"http:\/\/vientosur.top\/museo\/wp-content\/uploads\/2022\/05\/Kimvn-11-scaled-e1652107984198.jpg\",\"datePublished\":\"2022-05-09T14:53:19+00:00\",\"dateModified\":\"2022-05-09T14:53:20+00:00\",\"breadcrumb\":{\"@id\":\"http:\/\/vientosur.top\/museo\/agenda\/dia-del-patrimonio-cultural-concierto-ul-kimvn-canto-a-la-sabiduria\/#breadcrumb\"},\"inLanguage\":\"es\",\"potentialAction\":[{\"@type\":\"ReadAction\",\"target\":[\"http:\/\/vientosur.top\/museo\/agenda\/dia-del-patrimonio-cultural-concierto-ul-kimvn-canto-a-la-sabiduria\/\"]}]},{\"@type\":\"ImageObject\",\"inLanguage\":\"es\",\"@id\":\"http:\/\/vientosur.top\/museo\/agenda\/dia-del-patrimonio-cultural-concierto-ul-kimvn-canto-a-la-sabiduria\/#primaryimage\",\"url\":\"http:\/\/vientosur.top\/museo\/wp-content\/uploads\/2022\/05\/Kimvn-11-scaled-e1652107984198.jpg\",\"contentUrl\":\"http:\/\/vientosur.top\/museo\/wp-content\/uploads\/2022\/05\/Kimvn-11-scaled-e1652107984198.jpg\",\"width\":2560,\"height\":1440},{\"@type\":\"BreadcrumbList\",\"@id\":\"http:\/\/vientosur.top\/museo\/agenda\/dia-del-patrimonio-cultural-concierto-ul-kimvn-canto-a-la-sabiduria\/#breadcrumb\",\"itemListElement\":[{\"@type\":\"ListItem\",\"position\":1,\"name\":\"Portada\",\"item\":\"http:\/\/vientosur.top\/museo\/\"},{\"@type\":\"ListItem\",\"position\":2,\"name\":\"Agenda\",\"item\":\"http:\/\/vientosur.top\/museo\/agenda\/\"},{\"@type\":\"ListItem\",\"position\":3,\"name\":\"D\u00eda del Patrimonio Cultural &#8211; Concierto \u201c\u00dcl KIMVN. Canto a la Sabidur\u00eda\u201d\"}]},{\"@type\":\"WebSite\",\"@id\":\"http:\/\/vientosur.top\/museo\/#website\",\"url\":\"http:\/\/vientosur.top\/museo\/\",\"name\":\"Museo Violeta Parra\",\"description\":\"Espacio que alberga tanto la memoria y legado creativo de la artista\",\"potentialAction\":[{\"@type\":\"SearchAction\",\"target\":{\"@type\":\"EntryPoint\",\"urlTemplate\":\"http:\/\/vientosur.top\/museo\/?s={search_term_string}\"},\"query-input\":{\"@type\":\"PropertyValueSpecification\",\"valueRequired\":true,\"valueName\":\"search_term_string\"}}],\"inLanguage\":\"es\"}]}<\/script>\n<!-- \/ Yoast SEO plugin. -->","yoast_head_json":{"title":"D\u00eda del Patrimonio Cultural - Concierto \u201c\u00dcl KIMVN. Canto a la Sabidur\u00eda\u201d - Museo Violeta Parra","robots":{"index":"index","follow":"follow","max-snippet":"max-snippet:-1","max-image-preview":"max-image-preview:large","max-video-preview":"max-video-preview:-1"},"canonical":"http:\/\/vientosur.top\/museo\/agenda\/dia-del-patrimonio-cultural-concierto-ul-kimvn-canto-a-la-sabiduria\/","og_locale":"es_ES","og_type":"article","og_title":"D\u00eda del Patrimonio Cultural - Concierto \u201c\u00dcl KIMVN. Canto a la Sabidur\u00eda\u201d - Museo Violeta Parra","og_description":"#VioletaEnCasa presenta el concierto \u201c\u00dcl KIMVN. Canto a la Sabidur\u00eda\u201d en el D\u00eda del Patrimonio Cultural Se trata de una sesi\u00f3n \u00edntima de m\u00fasica realizada al interior de la ruka KIMVN por \u00dcL KIMVN, Banda Sonora de la compa\u00f1\u00eda KIMVN Teatro. La m\u00fasica nos invita a realizar un viaje sonoro intercultural que promueve el rescate [&hellip;]","og_url":"http:\/\/vientosur.top\/museo\/agenda\/dia-del-patrimonio-cultural-concierto-ul-kimvn-canto-a-la-sabiduria\/","og_site_name":"Museo Violeta Parra","article_modified_time":"2022-05-09T14:53:20+00:00","og_image":[{"width":2560,"height":1440,"url":"http:\/\/vientosur.top\/museo\/wp-content\/uploads\/2022\/05\/Kimvn-11-scaled-e1652107984198.jpg","type":"image\/jpeg"}],"twitter_card":"summary_large_image","twitter_misc":{"Tiempo de lectura":"1 minuto"},"schema":{"@context":"https:\/\/schema.org","@graph":[{"@type":"WebPage","@id":"http:\/\/vientosur.top\/museo\/agenda\/dia-del-patrimonio-cultural-concierto-ul-kimvn-canto-a-la-sabiduria\/","url":"http:\/\/vientosur.top\/museo\/agenda\/dia-del-patrimonio-cultural-concierto-ul-kimvn-canto-a-la-sabiduria\/","name":"D\u00eda del Patrimonio Cultural - Concierto \u201c\u00dcl KIMVN. Canto a la Sabidur\u00eda\u201d - Museo Violeta Parra","isPartOf":{"@id":"http:\/\/vientosur.top\/museo\/#website"},"primaryImageOfPage":{"@id":"http:\/\/vientosur.top\/museo\/agenda\/dia-del-patrimonio-cultural-concierto-ul-kimvn-canto-a-la-sabiduria\/#primaryimage"},"image":{"@id":"http:\/\/vientosur.top\/museo\/agenda\/dia-del-patrimonio-cultural-concierto-ul-kimvn-canto-a-la-sabiduria\/#primaryimage"},"thumbnailUrl":"http:\/\/vientosur.top\/museo\/wp-content\/uploads\/2022\/05\/Kimvn-11-scaled-e1652107984198.jpg","datePublished":"2022-05-09T14:53:19+00:00","dateModified":"2022-05-09T14:53:20+00:00","breadcrumb":{"@id":"http:\/\/vientosur.top\/museo\/agenda\/dia-del-patrimonio-cultural-concierto-ul-kimvn-canto-a-la-sabiduria\/#breadcrumb"},"inLanguage":"es","potentialAction":[{"@type":"ReadAction","target":["http:\/\/vientosur.top\/museo\/agenda\/dia-del-patrimonio-cultural-concierto-ul-kimvn-canto-a-la-sabiduria\/"]}]},{"@type":"ImageObject","inLanguage":"es","@id":"http:\/\/vientosur.top\/museo\/agenda\/dia-del-patrimonio-cultural-concierto-ul-kimvn-canto-a-la-sabiduria\/#primaryimage","url":"http:\/\/vientosur.top\/museo\/wp-content\/uploads\/2022\/05\/Kimvn-11-scaled-e1652107984198.jpg","contentUrl":"http:\/\/vientosur.top\/museo\/wp-content\/uploads\/2022\/05\/Kimvn-11-scaled-e1652107984198.jpg","width":2560,"height":1440},{"@type":"BreadcrumbList","@id":"http:\/\/vientosur.top\/museo\/agenda\/dia-del-patrimonio-cultural-concierto-ul-kimvn-canto-a-la-sabiduria\/#breadcrumb","itemListElement":[{"@type":"ListItem","position":1,"name":"Portada","item":"http:\/\/vientosur.top\/museo\/"},{"@type":"ListItem","position":2,"name":"Agenda","item":"http:\/\/vientosur.top\/museo\/agenda\/"},{"@type":"ListItem","position":3,"name":"D\u00eda del Patrimonio Cultural &#8211; Concierto \u201c\u00dcl KIMVN. Canto a la Sabidur\u00eda\u201d"}]},{"@type":"WebSite","@id":"http:\/\/vientosur.top\/museo\/#website","url":"http:\/\/vientosur.top\/museo\/","name":"Museo Violeta Parra","description":"Espacio que alberga tanto la memoria y legado creativo de la artista","potentialAction":[{"@type":"SearchAction","target":{"@type":"EntryPoint","urlTemplate":"http:\/\/vientosur.top\/museo\/?s={search_term_string}"},"query-input":{"@type":"PropertyValueSpecification","valueRequired":true,"valueName":"search_term_string"}}],"inLanguage":"es"}]}},"_links":{"self":[{"href":"http:\/\/vientosur.top\/museo\/wp-json\/wp\/v2\/agenda\/28530","targetHints":{"allow":["GET"]}}],"collection":[{"href":"http:\/\/vientosur.top\/museo\/wp-json\/wp\/v2\/agenda"}],"about":[{"href":"http:\/\/vientosur.top\/museo\/wp-json\/wp\/v2\/types\/agenda"}],"author":[{"embeddable":true,"href":"http:\/\/vientosur.top\/museo\/wp-json\/wp\/v2\/users\/5"}],"wp:featuredmedia":[{"embeddable":true,"href":"http:\/\/vientosur.top\/museo\/wp-json\/wp\/v2\/media\/28531"}],"wp:attachment":[{"href":"http:\/\/vientosur.top\/museo\/wp-json\/wp\/v2\/media?parent=28530"}],"wp:term":[{"taxonomy":"tipo-de-actividad","embeddable":true,"href":"http:\/\/vientosur.top\/museo\/wp-json\/wp\/v2\/tipo-de-actividad?post=28530"}],"curies":[{"name":"wp","href":"https:\/\/api.w.org\/{rel}","templated":true}]}}